{"id":9,"date":"2022-09-13T16:42:30","date_gmt":"2022-09-13T16:42:30","guid":{"rendered":"https:\/\/senfoelgeklinik.dk\/?page_id=9"},"modified":"2023-11-25T13:27:49","modified_gmt":"2023-11-25T13:27:49","slug":"forside","status":"publish","type":"page","link":"https:\/\/senfoelgeklinik.dk\/","title":{"rendered":"Forside"},"content":{"rendered":"<p>[et_pb_section fb_built=&#8221;1&#8243; custom_padding_last_edited=&#8221;on|phone&#8221; admin_label=&#8221;Header&#8221; _builder_version=&#8221;4.18.0&#8243; use_background_color_gradient=&#8221;on&#8221; background_color_gradient_type=&#8221;circular&#8221; background_color_gradient_direction_radial=&#8221;right&#8221; background_color_gradient_stops=&#8221;rgba(255,255,255,0) 0%|#f9fafc 100%&#8221; background_color_gradient_overlays_image=&#8221;on&#8221; background_color_gradient_start=&#8221;rgba(255,255,255,0)&#8221; background_color_gradient_end=&#8221;#f9fafc&#8221; background_image=&#8221;https:\/\/senfoelgeklinik.dk\/wp-content\/uploads\/2022\/11\/image00006.jpeg&#8221; custom_margin=&#8221;|||&#8221; custom_padding=&#8221;12vw||12vw||true|false&#8221; custom_padding_tablet=&#8221;||||false|false&#8221; custom_padding_phone=&#8221;||||false|false&#8221; global_colors_info=&#8221;{}&#8221;][et_pb_row column_structure=&#8221;1_2,1_2&#8243; _builder_version=&#8221;4.16&#8243; max_width=&#8221;1280px&#8221; use_custom_width=&#8221;on&#8221; custom_width_px=&#8221;1280px&#8221; global_colors_info=&#8221;{}&#8221;][et_pb_column type=&#8221;1_2&#8243; _builder_version=&#8221;4.16&#8243; custom_padding=&#8221;|||&#8221; global_colors_info=&#8221;{}&#8221; custom_padding__hover=&#8221;|||&#8221;][et_pb_text _builder_version=&#8221;4.18.0&#8243; text_font=&#8221;||||||||&#8221; header_font=&#8221;Cantata One||||||||&#8221; header_font_size=&#8221;50px&#8221; header_line_height=&#8221;1.4em&#8221; header_2_font=&#8221;||||||||&#8221; header_2_text_color=&#8221;rgba(0,0,0,0.35)&#8221; header_2_font_size=&#8221;20px&#8221; header_2_line_height=&#8221;1.6em&#8221; text_orientation=&#8221;center&#8221; animation_style=&#8221;slide&#8221; animation_direction=&#8221;bottom&#8221; header_font_size_tablet=&#8221;35px&#8221; header_font_size_phone=&#8221;25px&#8221; header_font_size_last_edited=&#8221;on|desktop&#8221; global_colors_info=&#8221;{}&#8221;]<\/p>\n<h1>Karinas<\/h1>\n<h1>Senf\u00f8lge &amp; Migr\u00e6ne Klinik<\/h1>\n<h2><strong><i><span>Hos mig er det dig, din krop og dit sind der er i fokus<\/span><\/i><\/strong><\/h2>\n<p>[\/et_pb_text][et_pb_button button_url=&#8221;https:\/\/system.easypractice.net\/book\/karinas-senflge-og-migraeneklinik\/center&#8221; button_text=&#8221;Book en tid&#8221; button_alignment=&#8221;center&#8221; _builder_version=&#8221;4.18.0&#8243; custom_button=&#8221;on&#8221; button_text_size=&#8221;16px&#8221; button_text_color=&#8221;#ffffff&#8221; button_bg_color=&#8221;#478678&#8243; button_border_width=&#8221;7px&#8221; button_border_color=&#8221;rgba(0,0,0,0)&#8221; button_border_radius=&#8221;100px&#8221; button_font=&#8221;Open Sans|700|||||||&#8221; button_icon_color=&#8221;#478678&#8243; animation_style=&#8221;slide&#8221; animation_direction=&#8221;bottom&#8221; button_text_color_hover=&#8221;#ffffff&#8221; button_border_color_hover=&#8221;rgba(0,0,0,0)&#8221; button_border_radius_hover=&#8221;100px&#8221; button_bg_color_hover=&#8221;#0059c3&#8243; global_colors_info=&#8221;{}&#8221; button_text_size__hover_enabled=&#8221;off&#8221; button_one_text_size__hover_enabled=&#8221;off&#8221; button_two_text_size__hover_enabled=&#8221;off&#8221; button_text_color__hover_enabled=&#8221;on&#8221; button_text_color__hover=&#8221;#ffffff&#8221; button_one_text_color__hover_enabled=&#8221;off&#8221; button_two_text_color__hover_enabled=&#8221;off&#8221; button_border_width__hover_enabled=&#8221;off&#8221; button_one_border_width__hover_enabled=&#8221;off&#8221; button_two_border_width__hover_enabled=&#8221;off&#8221; button_border_color__hover_enabled=&#8221;on&#8221; button_border_color__hover=&#8221;rgba(0,0,0,0)&#8221; button_one_border_color__hover_enabled=&#8221;off&#8221; button_two_border_color__hover_enabled=&#8221;off&#8221; button_border_radius__hover_enabled=&#8221;on&#8221; button_border_radius__hover=&#8221;100px&#8221; button_one_border_radius__hover_enabled=&#8221;off&#8221; button_two_border_radius__hover_enabled=&#8221;off&#8221; button_letter_spacing__hover_enabled=&#8221;off&#8221; button_one_letter_spacing__hover_enabled=&#8221;off&#8221; button_two_letter_spacing__hover_enabled=&#8221;off&#8221; button_bg_color__hover_enabled=&#8221;on|hover&#8221; button_bg_color__hover=&#8221;#478678&#8243; button_one_bg_color__hover_enabled=&#8221;off&#8221; button_two_bg_color__hover_enabled=&#8221;off&#8221; button_bg_enable_color__hover=&#8221;on&#8221;][\/et_pb_button][et_pb_image src=&#8221;https:\/\/senfoelgeklinik.dk\/wp-content\/uploads\/2022\/09\/Karina_logo_sort_bomaerke.png&#8221; title_text=&#8221;Karina_logo_sort_bomaerke&#8221; align_tablet=&#8221;center&#8221; align_phone=&#8221;center&#8221; align_last_edited=&#8221;on|desktop&#8221; _builder_version=&#8221;4.18.0&#8243; custom_padding=&#8221;|155px||155px||&#8221; animation_style=&#8221;roll&#8221; animation_direction=&#8221;top&#8221; animation_duration=&#8221;1500ms&#8221; animation_intensity_roll=&#8221;10%&#8221; global_colors_info=&#8221;{}&#8221;][\/et_pb_image][\/et_pb_column][et_pb_column type=&#8221;1_2&#8243; _builder_version=&#8221;4.16&#8243; custom_padding=&#8221;|||&#8221; global_colors_info=&#8221;{}&#8221; custom_padding__hover=&#8221;|||&#8221;][\/et_pb_column][\/et_pb_row][\/et_pb_section][et_pb_section fb_built=&#8221;1&#8243; admin_label=&#8221;Contact Info&#8221; _builder_version=&#8221;4.18.0&#8243; background_enable_image=&#8221;off&#8221; background_size=&#8221;initial&#8221; background_position=&#8221;top_center&#8221; custom_padding=&#8221;0|0px|150px|0px|false|false&#8221; global_colors_info=&#8221;{}&#8221;][et_pb_row column_structure=&#8221;1_3,1_3,1_3&#8243; custom_padding_last_edited=&#8221;on|desktop&#8221; _builder_version=&#8221;4.18.0&#8243; use_background_color_gradient=&#8221;on&#8221; background_color_gradient_direction=&#8221;108deg&#8221; background_color_gradient_stops=&#8221;#478678 0%|#478678 100%&#8221; background_color_gradient_start=&#8221;#0059c3&#8243; background_color_gradient_end=&#8221;rgba(0,129,255,0.7)&#8221; max_width=&#8221;1280px&#8221; module_alignment=&#8221;center&#8221; custom_margin=&#8221;|||&#8221; custom_padding=&#8221;70px|5vw|70px|5vw|true|true&#8221; custom_padding_tablet=&#8221;|5vw||5vw||true&#8221; custom_padding_phone=&#8221;|5vw||5vw||true&#8221; animation_style=&#8221;zoom&#8221; animation_direction=&#8221;top&#8221; animation_intensity_zoom=&#8221;1%&#8221; border_radii=&#8221;|||14vw|14vw&#8221; box_shadow_style=&#8221;preset1&#8243; box_shadow_vertical=&#8221;20px&#8221; box_shadow_blur=&#8221;50px&#8221; box_shadow_color=&#8221;#e2eedb&#8221; use_custom_width=&#8221;on&#8221; custom_width_px=&#8221;1280px&#8221; global_colors_info=&#8221;{}&#8221;][et_pb_column type=&#8221;1_3&#8243; _builder_version=&#8221;4.18.0&#8243; custom_padding=&#8221;|||&#8221; custom_padding_tablet=&#8221;40px|||&#8221; custom_padding_phone=&#8221;20px|||&#8221; custom_padding_last_edited=&#8221;off|desktop&#8221; global_colors_info=&#8221;{}&#8221; padding_phone=&#8221;20px|||&#8221; padding_tablet=&#8221;40px|||&#8221; padding_last_edited=&#8221;off|desktop&#8221; custom_padding__hover=&#8221;|||&#8221;][et_pb_blurb title=&#8221;Ring til mig&#8221; url=&#8221;tel:28284238&#8243; use_icon=&#8221;on&#8221; font_icon=&#8221;&#xe090;||divi||400&#8243; icon_color=&#8221;#ffffff&#8221; icon_placement=&#8221;left&#8221; _builder_version=&#8221;4.18.0&#8243; header_font=&#8221;Cantata One||||||||&#8221; header_line_height=&#8221;1.6em&#8221; body_font=&#8221;||||||||&#8221; body_line_height=&#8221;2em&#8221; background_layout=&#8221;dark&#8221; animation=&#8221;off&#8221; global_colors_info=&#8221;{}&#8221;]<\/p>\n<p>2828 4238<\/p>\n<p>[\/et_pb_blurb][\/et_pb_column][et_pb_column type=&#8221;1_3&#8243; _builder_version=&#8221;4.16&#8243; custom_padding=&#8221;|||&#8221; custom_padding_tablet=&#8221;40px|||&#8221; custom_padding_phone=&#8221;20px|||&#8221; custom_padding_last_edited=&#8221;off|desktop&#8221; global_colors_info=&#8221;{}&#8221; padding_phone=&#8221;20px|||&#8221; padding_tablet=&#8221;40px|||&#8221; padding_last_edited=&#8221;off|desktop&#8221; custom_padding__hover=&#8221;|||&#8221;][et_pb_blurb title=&#8221;Min klinik&#8221; use_icon=&#8221;on&#8221; font_icon=&#8221;&#xf7f2;||fa||900&#8243; icon_color=&#8221;#ffffff&#8221; icon_placement=&#8221;left&#8221; _builder_version=&#8221;4.18.0&#8243; header_font=&#8221;Cantata One||||||||&#8221; header_line_height=&#8221;1.6em&#8221; body_font=&#8221;||||||||&#8221; body_line_height=&#8221;2em&#8221; background_layout=&#8221;dark&#8221; animation=&#8221;off&#8221; global_colors_info=&#8221;{}&#8221;]<\/p>\n<p>Tandervej 15, 8320 M\u00e5rslet<\/p>\n<p>[\/et_pb_blurb][\/et_pb_column][et_pb_column type=&#8221;1_3&#8243; _builder_version=&#8221;4.16&#8243; custom_padding=&#8221;|||&#8221; custom_padding_tablet=&#8221;40px|||&#8221; custom_padding_phone=&#8221;20px|||&#8221; custom_padding_last_edited=&#8221;off|desktop&#8221; global_colors_info=&#8221;{}&#8221; padding_phone=&#8221;20px|||&#8221; padding_tablet=&#8221;40px|||&#8221; padding_last_edited=&#8221;off|desktop&#8221; custom_padding__hover=&#8221;|||&#8221;][et_pb_blurb title=&#8221;Send en mail&#8221; use_icon=&#8221;on&#8221; font_icon=&#8221;&#xe08b;||divi||400&#8243; icon_color=&#8221;#ffffff&#8221; icon_placement=&#8221;left&#8221; _builder_version=&#8221;4.18.0&#8243; header_font=&#8221;Cantata One||||||||&#8221; header_line_height=&#8221;1.6em&#8221; body_font=&#8221;||||||||&#8221; body_line_height=&#8221;2em&#8221; background_layout=&#8221;dark&#8221; animation=&#8221;off&#8221; global_colors_info=&#8221;{}&#8221;]<\/p>\n<p>Kontakt@senfoelgeklinik.dk<\/p>\n<p>[\/et_pb_blurb][\/et_pb_column][\/et_pb_row][\/et_pb_section][et_pb_section fb_built=&#8221;1&#8243; admin_label=&#8221;About Us&#8221; _builder_version=&#8221;4.16&#8243; custom_margin=&#8221;-107px|||||&#8221; global_colors_info=&#8221;{}&#8221;][et_pb_row column_structure=&#8221;1_2,1_2&#8243; padding_top_bottom_link_2=&#8221;false&#8221; _builder_version=&#8221;4.18.0&#8243; global_colors_info=&#8221;{}&#8221;][et_pb_column type=&#8221;1_2&#8243; _builder_version=&#8221;4.18.0&#8243; custom_padding=&#8221;|||&#8221; global_colors_info=&#8221;{}&#8221; custom_padding__hover=&#8221;|||&#8221;][et_pb_image src=&#8221;https:\/\/senfoelgeklinik.dk\/wp-content\/uploads\/2022\/11\/image00007.jpeg&#8221; title_text=&#8221;image00007&#8243; align_tablet=&#8221;center&#8221; align_phone=&#8221;center&#8221; align_last_edited=&#8221;on|desktop&#8221; _builder_version=&#8221;4.18.0&#8243; custom_margin=&#8221;|||&#8221; border_radii=&#8221;|10vw|10vw|10vw|&#8221; box_shadow_style=&#8221;preset3&#8243; box_shadow_vertical=&#8221;20px&#8221; box_shadow_blur=&#8221;30px&#8221; box_shadow_color=&#8221;rgba(173,180,208,0.2)&#8221; global_colors_info=&#8221;{}&#8221;][\/et_pb_image][\/et_pb_column][et_pb_column type=&#8221;1_2&#8243; _builder_version=&#8221;4.16&#8243; custom_padding=&#8221;100px|||&#8221; custom_padding_tablet=&#8221;0px||0px|&#8221; custom_padding_last_edited=&#8221;off|desktop&#8221; global_colors_info=&#8221;{}&#8221; padding_tablet=&#8221;0px||0px|&#8221; padding_last_edited=&#8221;off|desktop&#8221; custom_padding__hover=&#8221;|||&#8221;][et_pb_text _builder_version=&#8221;4.18.0&#8243; text_font=&#8221;Open Sans||||||||&#8221; text_line_height=&#8221;2em&#8221; header_font=&#8221;||||||||&#8221; header_2_font=&#8221;Cantata One||||||||&#8221; header_2_font_size=&#8221;40px&#8221; header_2_line_height=&#8221;1.4em&#8221; min_height=&#8221;444px&#8221; custom_margin=&#8221;0px||||false|false&#8221; hover_enabled=&#8221;0&#8243; header_2_font_size_tablet=&#8221;35px&#8221; header_2_font_size_phone=&#8221;25px&#8221; header_2_font_size_last_edited=&#8221;on|phone&#8221; global_colors_info=&#8221;{}&#8221; sticky_enabled=&#8221;0&#8243;]<\/p>\n<h2>Velkommen til Karinas klinik<\/h2>\n<p style=\"font-weight: 400;\"><span>Velkommen til Karinas senf\u00f8lge og migr\u00e6ne klinik.<\/span><\/p>\n<p style=\"font-weight: 400;\"><span style=\"font-size: 14px;\">Hos mig er det dig, din krop og dit sind der er i fokus.<\/span><\/p>\n<p><span>I klinikken behandler jeg med zoneterapi, meridianmassage, ansigtszoneterapi og \u00f8reakupunktur.<\/span><br \/><span>Jeg behandler senf\u00f8lger efter kr\u00e6ft og Covid-19, migr\u00e6ne, smerter i kroppen, stress, angst, allergi, forstoppelse og s\u00f8vnproblemer og meget mere.<\/span><\/p>\n<p><span>Du er velkommen til at ringe for yderligere information.<\/span><\/p>\n<p>[\/et_pb_text][et_pb_button button_url=&#8221;https:\/\/system.easypractice.net\/book\/karinas-senflge-og-migraeneklinik\/center&#8221; button_text=&#8221;Book en tid&#8221; _builder_version=&#8221;4.18.0&#8243; custom_button=&#8221;on&#8221; button_text_size=&#8221;16px&#8221; button_text_color=&#8221;#ffffff&#8221; button_bg_color=&#8221;#478678&#8243; button_border_width=&#8221;7px&#8221; button_border_color=&#8221;rgba(0,0,0,0)&#8221; button_border_radius=&#8221;100px&#8221; button_font=&#8221;Open Sans|700|||||||&#8221; button_icon_color=&#8221;#478678&#8243; custom_margin=&#8221;0px||||false|false&#8221; animation_style=&#8221;slide&#8221; animation_direction=&#8221;bottom&#8221; button_text_color_hover=&#8221;#ffffff&#8221; button_border_color_hover=&#8221;rgba(0,0,0,0)&#8221; button_border_radius_hover=&#8221;100px&#8221; button_bg_color_hover=&#8221;#0059c3&#8243; locked=&#8221;off&#8221; global_colors_info=&#8221;{}&#8221; button_text_size__hover_enabled=&#8221;off&#8221; button_one_text_size__hover_enabled=&#8221;off&#8221; button_two_text_size__hover_enabled=&#8221;off&#8221; button_text_color__hover_enabled=&#8221;on&#8221; button_text_color__hover=&#8221;#ffffff&#8221; button_one_text_color__hover_enabled=&#8221;off&#8221; button_two_text_color__hover_enabled=&#8221;off&#8221; button_border_width__hover_enabled=&#8221;off&#8221; button_one_border_width__hover_enabled=&#8221;off&#8221; button_two_border_width__hover_enabled=&#8221;off&#8221; button_border_color__hover_enabled=&#8221;on&#8221; button_border_color__hover=&#8221;rgba(0,0,0,0)&#8221; button_one_border_color__hover_enabled=&#8221;off&#8221; button_two_border_color__hover_enabled=&#8221;off&#8221; button_border_radius__hover_enabled=&#8221;on&#8221; button_border_radius__hover=&#8221;100px&#8221; button_one_border_radius__hover_enabled=&#8221;off&#8221; button_two_border_radius__hover_enabled=&#8221;off&#8221; button_letter_spacing__hover_enabled=&#8221;off&#8221; button_one_letter_spacing__hover_enabled=&#8221;off&#8221; button_two_letter_spacing__hover_enabled=&#8221;off&#8221; button_bg_color__hover_enabled=&#8221;on|hover&#8221; button_bg_color__hover=&#8221;#478678&#8243; button_one_bg_color__hover_enabled=&#8221;off&#8221; button_two_bg_color__hover_enabled=&#8221;off&#8221; button_bg_enable_color__hover=&#8221;on&#8221;][\/et_pb_button][\/et_pb_column][\/et_pb_row][\/et_pb_section][et_pb_section fb_built=&#8221;1&#8243; prev_background_color=&#8221;#ffffff&#8221; admin_label=&#8221;Features&#8221; _builder_version=&#8221;4.18.0&#8243; use_background_color_gradient=&#8221;on&#8221; background_color_gradient_stops=&#8221;#e2eedb 0%|#e2eedb 100%&#8221; background_color_gradient_start=&#8221;#f3f5fa&#8221; background_color_gradient_end=&#8221;#ffffff&#8221; min_height=&#8221;441px&#8221; custom_margin=&#8221;-67px|||||&#8221; custom_margin_tablet=&#8221;0px|||&#8221; custom_margin_phone=&#8221;&#8221; custom_margin_last_edited=&#8221;on|tablet&#8221; custom_padding=&#8221;160px|0px|54px|0px|false|false&#8221; top_divider_style=&#8221;wave&#8221; top_divider_height=&#8221;14px&#8221; top_divider_repeat=&#8221;18x&#8221; top_divider_repeat_tablet=&#8221;9x&#8221; top_divider_repeat_phone=&#8221;4x&#8221; top_divider_repeat_last_edited=&#8221;on|phone&#8221; global_colors_info=&#8221;{}&#8221;][et_pb_row column_structure=&#8221;1_3,1_3,1_3&#8243; _builder_version=&#8221;4.16&#8243; locked=&#8221;off&#8221; global_colors_info=&#8221;{}&#8221;][et_pb_column type=&#8221;1_3&#8243; _builder_version=&#8221;4.16&#8243; custom_padding=&#8221;|||&#8221; global_colors_info=&#8221;{}&#8221; custom_padding__hover=&#8221;|||&#8221;][et_pb_blurb title=&#8221;Hvad er senf\u00f8lger?&#8221; image=&#8221;https:\/\/senfoelgeklinik.dk\/wp-content\/uploads\/2022\/09\/icons8-heart-100.png&#8221; icon_placement=&#8221;left&#8221; _builder_version=&#8221;4.18.0&#8243; header_level=&#8221;h3&#8243; header_font=&#8221;Cantata One||||||||&#8221; header_font_size=&#8221;20px&#8221; header_line_height=&#8221;1.6em&#8221; body_font=&#8221;Open Sans||||||||&#8221; body_line_height=&#8221;2em&#8221; animation=&#8221;off&#8221; global_colors_info=&#8221;{}&#8221;]<\/p>\n<p>Senf\u00f8lger omfatter en r\u00e6kke fysiske og psykiske helbredsproblemer, som f.eks. s\u00f8vnbesv\u00e6r, smerter og angst. Mange oplever at f\u00e5 senf\u00f8lger i st\u00f8rre eller mindre grad efter et kr\u00e6ftforl\u00f8b.\u00a0<\/p>\n<p>[\/et_pb_blurb][\/et_pb_column][et_pb_column type=&#8221;1_3&#8243; _builder_version=&#8221;4.16&#8243; custom_padding=&#8221;|||&#8221; global_colors_info=&#8221;{}&#8221; custom_padding__hover=&#8221;|||&#8221;][et_pb_blurb title=&#8221;Hvad behandler jeg?&#8221; image=&#8221;https:\/\/senfoelgeklinik.dk\/wp-content\/uploads\/2022\/09\/icons8-stethoscope-100.png&#8221; icon_placement=&#8221;left&#8221; _builder_version=&#8221;4.18.0&#8243; header_level=&#8221;h3&#8243; header_font=&#8221;Cantata One||||||||&#8221; header_font_size=&#8221;20px&#8221; header_line_height=&#8221;1.6em&#8221; body_font=&#8221;Open Sans||||||||&#8221; body_line_height=&#8221;2em&#8221; animation=&#8221;off&#8221; global_colors_info=&#8221;{}&#8221;]<\/p>\n<p><span>Jeg behandler senf\u00f8lger til kr\u00e6ft og covid-19, migr\u00e6ne, smerter i kroppen, stress, angst, allergi, forstoppelse, s\u00f8vnproblemer.<\/span><\/p>\n<p>&nbsp;<\/p>\n<p>[\/et_pb_blurb][\/et_pb_column][et_pb_column type=&#8221;1_3&#8243; _builder_version=&#8221;4.16&#8243; custom_padding=&#8221;|||&#8221; global_colors_info=&#8221;{}&#8221; custom_padding__hover=&#8221;|||&#8221;][et_pb_blurb title=&#8221;Hvordan behandles der?&#8221; image=&#8221;https:\/\/senfoelgeklinik.dk\/wp-content\/uploads\/2022\/09\/icons8-facebook-like-100.png&#8221; icon_placement=&#8221;left&#8221; _builder_version=&#8221;4.18.0&#8243; header_level=&#8221;h3&#8243; header_font=&#8221;Cantata One||||||||&#8221; header_font_size=&#8221;20px&#8221; header_line_height=&#8221;1.6em&#8221; body_font=&#8221;Open Sans||||||||&#8221; body_line_height=&#8221;2em&#8221; custom_padding=&#8221;||4px|||&#8221; animation=&#8221;off&#8221; hover_enabled=&#8221;0&#8243; global_colors_info=&#8221;{}&#8221; sticky_enabled=&#8221;0&#8243;]<\/p>\n<p><span>I min klinik behandler jeg dine symptomer med zoneterapi, ansigtszoneterapi, meridianmassage og \u00f8reakupunktur, og r\u00e5dgiver dig om kost og kosttilskud.<\/span><\/p>\n<p>[\/et_pb_blurb][\/et_pb_column][\/et_pb_row][\/et_pb_section][et_pb_section fb_built=&#8221;1&#8243; disabled_on=&#8221;on|on|on&#8221; module_id=&#8221;behandlinger&#8221; _builder_version=&#8221;4.18.0&#8243; _module_preset=&#8221;default&#8221; custom_padding=&#8221;||48px|||&#8221; disabled=&#8221;on&#8221; global_colors_info=&#8221;{}&#8221;][et_pb_row column_structure=&#8221;2_3,1_3&#8243; _builder_version=&#8221;4.18.0&#8243; _module_preset=&#8221;default&#8221; custom_margin=&#8221;-5px|152px||auto||&#8221; custom_margin_tablet=&#8221;-5px|152px||auto||&#8221; custom_margin_phone=&#8221;|0px||0px|false|false&#8221; custom_margin_last_edited=&#8221;on|phone&#8221; custom_padding=&#8221;||0px|||&#8221; global_colors_info=&#8221;{}&#8221;][et_pb_column type=&#8221;2_3&#8243; _builder_version=&#8221;4.18.0&#8243; _module_preset=&#8221;default&#8221; global_colors_info=&#8221;{}&#8221;][et_pb_text _builder_version=&#8221;4.18.0&#8243; _module_preset=&#8221;default&#8221; text_font_size=&#8221;16px&#8221; header_font=&#8221;Cantata One||||||||&#8221; min_height=&#8221;497.2px&#8221; custom_margin=&#8221;||10px|27px|false|false&#8221; global_colors_info=&#8221;{}&#8221;]<\/p>\n<h1><span>Behandlinger<\/span><\/h1>\n<p><span><\/span><\/p>\n<p>Hos mig er det dig, din krop og dit sind der er i fokus.<\/p>\n<p>Jeg \u00f8nsker at finde den rigtige behandling som kan hj\u00e6lpe med dine smerter og problemer.<\/p>\n<p>Derfor starter f\u00f8rste behandlingsgang med en samtale om din aktuelle situation og evt. sygdomshistorie, b\u00e5de med fokus p\u00e5 de fysiske og psykiske aspekter.<\/p>\n<p>Igennem samtale udarbejder vi sammen den behandlingsplan, som er bedst for lige netop dig, da ingen to mennesker er ens.<\/p>\n<p>Jeg har fokus p\u00e5 at f\u00e5 din krop tilbage i b\u00e5de fysisk og psykisk balance. Behandlingen tager udgangspunkt i hele kroppen ved en kombination af zoneterapi, meridianmassage og \u00f8reakupunktur, for det mest optimale resultat.<\/p>\n<p>Det beh\u00f8ver ikke n\u00f8dvendigvis v\u00e6re smertelindring som er patientens, det kan ogs\u00e5 v\u00e6re at opn\u00e5 st\u00f8rre balance og velv\u00e6re i sin krop. Zoneterapi kan ogs\u00e5 afhj\u00e6lpe:<\/p>\n<p>Kropsligt ubehag, hovedpine og migr\u00e6ne, kolik, hormonelle problemer, stress og tankemylder, muskel og ledsmerter.<\/p>\n<p>[\/et_pb_text][\/et_pb_column][et_pb_column type=&#8221;1_3&#8243; _builder_version=&#8221;4.18.0&#8243; _module_preset=&#8221;default&#8221; global_colors_info=&#8221;{}&#8221;][et_pb_image src=&#8221;https:\/\/senfoelgeklinik.dk\/wp-content\/uploads\/2022\/10\/image00007.jpeg&#8221; title_text=&#8221;image00007&#8243; _builder_version=&#8221;4.18.0&#8243; _module_preset=&#8221;default&#8221; background_enable_image=&#8221;off&#8221; width=&#8221;100%&#8221; custom_margin=&#8221;-36px|6px|||false|false&#8221; custom_margin_tablet=&#8221;-36px|6px|||false|false&#8221; custom_margin_phone=&#8221;|-13px||39px|false|false&#8221; custom_margin_last_edited=&#8221;on|phone&#8221; custom_padding=&#8221;|0px|0px|||&#8221; border_radii=&#8221;off|100px|100px||100px&#8221; global_colors_info=&#8221;{}&#8221;][\/et_pb_image][\/et_pb_column][\/et_pb_row][\/et_pb_section][et_pb_section fb_built=&#8221;1&#8243; admin_label=&#8221;Testimonial&#8221; _builder_version=&#8221;4.16&#8243; background_color=&#8221;rgba(0,0,0,0)&#8221; border_radii=&#8221;||20vw||&#8221; box_shadow_style=&#8221;preset1&#8243; box_shadow_vertical=&#8221;-40px&#8221; box_shadow_blur=&#8221;60px&#8221; box_shadow_color=&#8221;rgba(0,64,135,0.06)&#8221; global_colors_info=&#8221;{}&#8221;][et_pb_row _builder_version=&#8221;4.18.0&#8243; _module_preset=&#8221;default&#8221; global_colors_info=&#8221;{}&#8221;][et_pb_column type=&#8221;4_4&#8243; _builder_version=&#8221;4.18.0&#8243; _module_preset=&#8221;default&#8221; global_colors_info=&#8221;{}&#8221;][et_pb_text _builder_version=&#8221;4.18.0&#8243; _module_preset=&#8221;default&#8221; header_2_font=&#8221;Cantata One||||||||&#8221; header_2_font_size=&#8221;35px&#8221; header_2_font_tablet=&#8221;Cantata One||||||||&#8221; header_2_font_phone=&#8221;Cantata One||||||||&#8221; header_2_font_last_edited=&#8221;on|desktop&#8221; header_2_font_size_tablet=&#8221;35px&#8221; header_2_font_size_phone=&#8221;30px&#8221; header_2_font_size_last_edited=&#8221;on|phone&#8221; global_colors_info=&#8221;{}&#8221;]<\/p>\n<h2>Hvad mine klienter siger om mig<\/h2>\n<p>[\/et_pb_text][\/et_pb_column][\/et_pb_row][et_pb_row module_id=&#8221;udtalelser&#8221; _builder_version=&#8221;4.18.0&#8243; _module_preset=&#8221;default&#8221; global_colors_info=&#8221;{}&#8221;][et_pb_column type=&#8221;4_4&#8243; _builder_version=&#8221;4.18.0&#8243; _module_preset=&#8221;default&#8221; global_colors_info=&#8221;{}&#8221;][et_pb_slider _builder_version=&#8221;4.18.0&#8243; _module_preset=&#8221;default&#8221; custom_margin=&#8221;-33px|||||&#8221; global_colors_info=&#8221;{}&#8221;][et_pb_slide heading=&#8221;Tina, 46 &#8221; _builder_version=&#8221;4.18.0&#8243; _module_preset=&#8221;default&#8221; header_font_size=&#8221;43px&#8221; body_font_size=&#8221;25px&#8221; background_color=&#8221;#478678&#8243; background_enable_color=&#8221;on&#8221; header_font_size_tablet=&#8221;43px&#8221; header_font_size_phone=&#8221;43px&#8221; header_font_size_last_edited=&#8221;on|desktop&#8221; body_font_size_tablet=&#8221;25px&#8221; body_font_size_phone=&#8221;20px&#8221; body_font_size_last_edited=&#8221;on|phone&#8221; global_colors_info=&#8221;{}&#8221; sticky_transition=&#8221;on&#8221;]<\/p>\n<p>Jeg har v\u00e6ret i et intensivt behandlingsforl\u00f8b for migr\u00e6ne, og Karina har virkelig gjort en forskel.<br \/>Mine anfald er nu f\u00e6rre, mindre intense og varer i kortere tid.<br \/>Under behandling hos Karina har jeg f\u00e5et relevante og konkrete forslag til at bedre min krop.<br \/>Omhyggelige og n\u00e6rv\u00e6rende behandler, der tager dine problematikker seri\u00f8st.<br \/>Afslapning og velv\u00e6re for krop og sind i Karinas kyndige h\u00e6nder.<\/p>\n<p>[\/et_pb_slide][et_pb_slide heading=&#8221;Vibeke, 48&#8243; _builder_version=&#8221;4.18.0&#8243; _module_preset=&#8221;default&#8221; header_font_size=&#8221;43px&#8221; body_font_size=&#8221;25px&#8221; background_color=&#8221;#478678&#8243; background_enable_color=&#8221;on&#8221; header_font_size_tablet=&#8221;43px&#8221; header_font_size_phone=&#8221;43px&#8221; header_font_size_last_edited=&#8221;on|desktop&#8221; body_font_size_tablet=&#8221;25px&#8221; body_font_size_phone=&#8221;20px&#8221; body_font_size_last_edited=&#8221;on|phone&#8221; global_colors_info=&#8221;{}&#8221; sticky_transition=&#8221;on&#8221;]<\/p>\n<p>Karina er dygtig og tillidsv\u00e6kkende og har hjulpet mig af med en sovende arm. Nu kommer jeg for at vedligeholde alle de andre positive sidegevinster jeg f\u00e5r af Karinas behandlinger.<br \/>Karinas behandlinger skaber en dyb indre roog f\u00e5r mig til at f\u00f8le mig mere i balance fysisk og mentalt.<br \/>Karina er n\u00e6rv\u00e6rende og empatisk og jeg har let ved at l\u00e6gge mine f\u00f8dder i hendes rolige og kompetente h\u00e6nder. Jeg giver gerne mine anbefalinger til andre.<\/p>\n<p>[\/et_pb_slide][et_pb_slide heading=&#8221;Poul, 73&#8243; _builder_version=&#8221;4.18.0&#8243; _module_preset=&#8221;default&#8221; header_font_size=&#8221;43px&#8221; body_font_size=&#8221;25px&#8221; background_color=&#8221;#478678&#8243; background_enable_color=&#8221;on&#8221; header_font_size_tablet=&#8221;43px&#8221; header_font_size_phone=&#8221;43px&#8221; header_font_size_last_edited=&#8221;on|desktop&#8221; body_font_size_tablet=&#8221;25px&#8221; body_font_size_phone=&#8221;20px&#8221; body_font_size_last_edited=&#8221;on|phone&#8221; global_colors_info=&#8221;{}&#8221; sticky_transition=&#8221;on&#8221;]<\/p>\n<p>Jeg har f\u00e5et en meget bedre hverdag i forhold til de bivirkninger jeg havde efter min kemobehandling. Det har for mig v\u00e6ret rigtig godt at f\u00e5 zoneterapi og jeg synes alle kr\u00e6ftpatienter skulle f\u00e5 tilbudt behandling med zoneterapi.<\/p>\n<p>[\/et_pb_slide][et_pb_slide heading=&#8221;Gitte, 59&#8243; _builder_version=&#8221;4.18.0&#8243; _module_preset=&#8221;default&#8221; header_font_size=&#8221;43px&#8221; body_font_size=&#8221;25px&#8221; background_color=&#8221;#478678&#8243; background_enable_color=&#8221;on&#8221; header_font_size_tablet=&#8221;43px&#8221; header_font_size_phone=&#8221;43px&#8221; header_font_size_last_edited=&#8221;on|desktop&#8221; body_font_size_tablet=&#8221;25px&#8221; body_font_size_phone=&#8221;20px&#8221; body_font_size_last_edited=&#8221;on|phone&#8221; global_colors_info=&#8221;{}&#8221; sticky_transition=&#8221;on&#8221;]<\/p>\n<p>Jeg har v\u00e6ret i et forl\u00f8b hos Karina. Hun er dygtig, lyttende og tillidsfuld. Kan kun anbefale hende.<\/p>\n<p>[\/et_pb_slide][et_pb_slide heading=&#8221;Finn, 68&#8243; _builder_version=&#8221;4.18.0&#8243; _module_preset=&#8221;default&#8221; header_font_size=&#8221;43px&#8221; body_font_size=&#8221;25px&#8221; background_color=&#8221;#478678&#8243; background_enable_color=&#8221;on&#8221; header_font_size_tablet=&#8221;43px&#8221; header_font_size_phone=&#8221;43px&#8221; header_font_size_last_edited=&#8221;on|desktop&#8221; body_font_size_tablet=&#8221;25px&#8221; body_font_size_phone=&#8221;20px&#8221; body_font_size_last_edited=&#8221;on|phone&#8221; global_colors_info=&#8221;{}&#8221; sticky_transition=&#8221;on&#8221;]<\/p>\n<p>Tak for behandling, havde en periode med 5 behandlinger, som bl.a. hjalp p\u00e5 s\u00f8vnproblemer.<\/p>\n<p>Havde en<br \/>periode, hvor jeg v\u00e5gnede flere gange og havde problemer med at falde i s\u00f8vn igen. Det hjalp zoneterapien<br \/>hos karina med. S\u00e5 nu sover jeg rigtig godt.<\/p>\n<p>[\/et_pb_slide][et_pb_slide heading=&#8221;Lone, 69&#8243; _builder_version=&#8221;4.18.0&#8243; _module_preset=&#8221;default&#8221; header_font_size=&#8221;43px&#8221; body_font_size=&#8221;25px&#8221; background_color=&#8221;#478678&#8243; background_enable_color=&#8221;on&#8221; header_font_size_tablet=&#8221;43px&#8221; header_font_size_phone=&#8221;43px&#8221; header_font_size_last_edited=&#8221;on|desktop&#8221; body_font_size_tablet=&#8221;25px&#8221; body_font_size_phone=&#8221;20px&#8221; body_font_size_last_edited=&#8221;on|phone&#8221; global_colors_info=&#8221;{}&#8221; sticky_transition=&#8221;on&#8221;]<\/p>\n<p>Jeg har f\u00e5et 2&#215;5 behandlinger hos karina og har v\u00e6ret fuldt tilfreds. Det er dejligt afslappende og med<br \/>god musik.<br \/>Mine ben har det godt nu, ryggen er blevet bedre og jeg har f\u00e5et nogle \u00f8velser af Karina, som jeg laver. S\u00e5<br \/>nu g\u00e5r det den rigtige vej.<\/p>\n<p>[\/et_pb_slide][et_pb_slide heading=&#8221;Marian, 65&#8243; _builder_version=&#8221;4.18.0&#8243; _module_preset=&#8221;default&#8221; header_font_size=&#8221;43px&#8221; body_font_size=&#8221;25px&#8221; background_color=&#8221;#478678&#8243; background_enable_color=&#8221;on&#8221; header_font_size_tablet=&#8221;43px&#8221; header_font_size_phone=&#8221;43px&#8221; header_font_size_last_edited=&#8221;on|desktop&#8221; body_font_size_tablet=&#8221;25px&#8221; body_font_size_phone=&#8221;20px&#8221; body_font_size_last_edited=&#8221;on|phone&#8221; global_colors_info=&#8221;{}&#8221; sticky_transition=&#8221;on&#8221;]<\/p>\n<p>N\u00e6rv\u00e6rende behandling<br \/>Mine erfaringer med behandlinger hos Karina kan overordnet beskrives som \u201dn\u00e6rv\u00e6rende behandling\u201d<br \/>Jeg oplever, at Karina arbejder dybt koncentreret, fokuseret, m\u00e5lrettet og reflekterende under sine<br \/>behandlinger og med stor faglighed. Hun har fuld opm\u00e6rksomhed p\u00e5 den behandlende, mig.<\/p>\n<p>[\/et_pb_slide][et_pb_slide heading=&#8221;Tanja, Room of Hope and Healing&#8221; _builder_version=&#8221;4.18.0&#8243; _module_preset=&#8221;default&#8221; header_font_size=&#8221;43px&#8221; body_font_size=&#8221;25px&#8221; background_color=&#8221;#478678&#8243; background_enable_color=&#8221;on&#8221; header_font_size_tablet=&#8221;43px&#8221; header_font_size_phone=&#8221;43px&#8221; header_font_size_last_edited=&#8221;on|desktop&#8221; body_font_size_tablet=&#8221;25px&#8221; body_font_size_phone=&#8221;20px&#8221; body_font_size_last_edited=&#8221;on|phone&#8221; global_colors_info=&#8221;{}&#8221; sticky_transition=&#8221;on&#8221;]<\/p>\n<p>Jeg er kommet hos Karina over en l\u00e6ngere periode. Hendes m\u00e5de at sammensmelte zoneterapi og<br \/>meridianmassage p\u00e5, giver mig en f\u00f8lelse af centrering og lethed. Karina har en smuk evne til at m\u00e6rke ind<br \/>i, hvad min krop og mit sind har brug for. Hos Karina vil du f\u00f8le dig tryg og have tillid til at hun giver din<br \/>krop, lige det som du har brug for.<br \/>K\u00e6mpe anbefaling fra mig.<\/p>\n<p>[\/et_pb_slide][et_pb_slide heading=&#8221;Birgitte, 60&#8243; _builder_version=&#8221;4.18.0&#8243; _module_preset=&#8221;default&#8221; header_font_size=&#8221;43px&#8221; body_font_size=&#8221;25px&#8221; background_color=&#8221;#478678&#8243; background_enable_color=&#8221;on&#8221; header_font_size_tablet=&#8221;43px&#8221; header_font_size_phone=&#8221;43px&#8221; header_font_size_last_edited=&#8221;on|desktop&#8221; body_font_size_tablet=&#8221;25px&#8221; body_font_size_phone=&#8221;20px&#8221; body_font_size_last_edited=&#8221;on|phone&#8221; global_colors_info=&#8221;{}&#8221; sticky_transition=&#8221;on&#8221;]<\/p>\n<p><span style=\"font-weight: 400;\">I forl\u00e6ngelse af min kr\u00e6ftbehandling fik jeg mulighed for at afpr\u00f8ve zoneterapi hos Karina med henblik p\u00e5 at afhj\u00e6lpe f\u00f8leforstyrrelser i h\u00e6nder og f\u00f8dder. Jeg har v\u00e6ret rigtig glad for mit m\u00f8de med Karina. Hun har en ro og empati, som man kan have meget brug for efter en kr\u00e6ftsygdom.\u00a0<\/span><\/p>\n<p><span style=\"font-weight: 400;\">Jeg har oplevet at behandlingerne i starten var med til at give ro og plads til at komme sig i et mere passende tempo end jeg selv havde forudset. Det har v\u00e6ret god l\u00e6ring. Nu bruger jeg zoneterapi som en slags balsam for krop og sj\u00e6l, fordi jeg synes jeg fortjener det<\/span><\/p>\n<p>[\/et_pb_slide][\/et_pb_slider][\/et_pb_column][\/et_pb_row][\/et_pb_section][et_pb_section fb_built=&#8221;1&#8243; disabled_on=&#8221;on|on|on&#8221; admin_label=&#8221;Tips&#8221; _builder_version=&#8221;4.18.0&#8243; use_background_color_gradient=&#8221;on&#8221; background_color_gradient_direction=&#8221;153deg&#8221; background_color_gradient_stops=&#8221;#ffffff 30%|rgba(255,255,255,0.29) 80%&#8221; background_color_gradient_overlays_image=&#8221;on&#8221; background_color_gradient_start=&#8221;#ffffff&#8221; background_color_gradient_start_position=&#8221;30%&#8221; background_color_gradient_end=&#8221;rgba(255,255,255,0.29)&#8221; background_color_gradient_end_position=&#8221;80%&#8221; background_image=&#8221;https:\/\/senfoelgeklinik.dk\/wp-content\/uploads\/2022\/09\/pexels-ron-lach-9146383-scaled.jpg&#8221; custom_padding=&#8221;8vw|0px|8vw|0px|true|false&#8221; box_shadow_style=&#8221;preset6&#8243; box_shadow_horizontal=&#8221;80px&#8221; box_shadow_vertical=&#8221;-200px&#8221; box_shadow_blur=&#8221;200px&#8221; box_shadow_color=&#8221;#ffffff&#8221; disabled=&#8221;on&#8221; global_colors_info=&#8221;{}&#8221;][\/et_pb_section][et_pb_section fb_built=&#8221;1&#8243; disabled_on=&#8221;off|off|off&#8221; admin_label=&#8221;Team&#8221; module_id=&#8221;hvem_er_jeg&#8221; _builder_version=&#8221;4.18.0&#8243; background_enable_color=&#8221;off&#8221; use_background_color_gradient=&#8221;on&#8221; background_color_gradient_direction=&#8221;170deg&#8221; background_color_gradient_stops=&#8221;#478678 0%|#478678 65%&#8221; background_color_gradient_start=&#8221;#0059c3&#8243; background_color_gradient_end=&#8221;#0081ff&#8221; background_color_gradient_end_position=&#8221;51%&#8221; parallax=&#8221;on&#8221; custom_padding=&#8221;||0px||false|false&#8221; bottom_divider_style=&#8221;wave&#8221; bottom_divider_color=&#8221;#ffffff&#8221; bottom_divider_height=&#8221;14px&#8221; bottom_divider_repeat=&#8221;18x&#8221; bottom_divider_repeat_tablet=&#8221;9x&#8221; bottom_divider_repeat_phone=&#8221;4x&#8221; bottom_divider_repeat_last_edited=&#8221;on|phone&#8221; border_radii=&#8221;||20vw||&#8221; global_colors_info=&#8221;{}&#8221;][et_pb_row _builder_version=&#8221;4.16&#8243; custom_padding=&#8221;||2px|||&#8221; global_colors_info=&#8221;{}&#8221;][et_pb_column type=&#8221;4_4&#8243; _builder_version=&#8221;4.16&#8243; custom_padding=&#8221;|||&#8221; global_colors_info=&#8221;{}&#8221; custom_padding__hover=&#8221;|||&#8221;][et_pb_text _builder_version=&#8221;4.18.0&#8243; text_font=&#8221;Open Sans||||||||&#8221; text_line_height=&#8221;2em&#8221; header_font=&#8221;||||||||&#8221; header_2_font=&#8221;Cantata One||||||||&#8221; header_2_font_size=&#8221;51px&#8221; header_2_line_height=&#8221;1.4em&#8221; text_orientation=&#8221;center&#8221; background_layout=&#8221;dark&#8221; max_width=&#8221;500px&#8221; module_alignment=&#8221;center&#8221; custom_padding=&#8221;||0px|||&#8221; header_2_font_size_tablet=&#8221;35px&#8221; header_2_font_size_phone=&#8221;25px&#8221; header_2_font_size_last_edited=&#8221;on|phone&#8221; global_colors_info=&#8221;{}&#8221;]<\/p>\n<h2>Hvem er jeg<\/h2>\n<p>&nbsp;<\/p>\n<p>[\/et_pb_text][\/et_pb_column][\/et_pb_row][et_pb_row column_structure=&#8221;1_2,1_2&#8243; _builder_version=&#8221;4.18.0&#8243; width_tablet=&#8221;&#8221; width_phone=&#8221;&#8221; width_last_edited=&#8221;on|phone&#8221; max_width=&#8221;1705px&#8221; min_height=&#8221;493.4px&#8221; custom_margin=&#8221;0px||0px||false|false&#8221; custom_margin_tablet=&#8221;0px||0px||false|false&#8221; custom_margin_phone=&#8221;0px|36px|0px|36px|false|true&#8221; custom_margin_last_edited=&#8221;on|phone&#8221; custom_padding=&#8221;||0px||false|false&#8221; global_colors_info=&#8221;{}&#8221;][et_pb_column type=&#8221;1_2&#8243; _builder_version=&#8221;4.16&#8243; custom_padding=&#8221;|||&#8221; global_colors_info=&#8221;{}&#8221; custom_padding__hover=&#8221;|||&#8221;][et_pb_image src=&#8221;https:\/\/senfoelgeklinik.dk\/wp-content\/uploads\/2022\/10\/image00003-Kopi.jpeg&#8221; title_text=&#8221;image00003 &#8211; Kopi&#8221; align_tablet=&#8221;center&#8221; align_phone=&#8221;center&#8221; align_last_edited=&#8221;on|desktop&#8221; _builder_version=&#8221;4.18.0&#8243; max_width=&#8221;400px&#8221; module_alignment=&#8221;center&#8221; custom_margin=&#8221;|-66px|0px|||&#8221; border_radii=&#8221;|10px|10px||&#8221; box_shadow_style=&#8221;preset1&#8243; box_shadow_blur=&#8221;60px&#8221; global_colors_info=&#8221;{}&#8221;][\/et_pb_image][et_pb_team_member name=&#8221;Karina Axelsen Bentzen&#8221; position=&#8221;Zoneterapeut&#8221; icon_color=&#8221;666&#8243; _builder_version=&#8221;4.16&#8243; header_font=&#8221;Cantata One||||||||&#8221; header_line_height=&#8221;1.2em&#8221; body_font=&#8221;Open Sans||||||||&#8221; body_font_size=&#8221;16px&#8221; body_line_height=&#8221;1.8em&#8221; background_color=&#8221;#ffffff&#8221; text_orientation=&#8221;center&#8221; max_width=&#8221;400px&#8221; module_alignment=&#8221;center&#8221; custom_margin=&#8221;|||&#8221; custom_padding=&#8221;30px|30px|30px|30px|true|true&#8221; custom_padding_phone=&#8221;|||&#8221; custom_padding_last_edited=&#8221;off|desktop&#8221; border_radii=&#8221;|||10px|10px&#8221; box_shadow_style=&#8221;preset1&#8243; box_shadow_blur=&#8221;60px&#8221; icon_hover_color=&#8221;#0079ff&#8221; global_colors_info=&#8221;{}&#8221;][\/et_pb_team_member][\/et_pb_column][et_pb_column type=&#8221;1_2&#8243; _builder_version=&#8221;4.16&#8243; custom_padding=&#8221;|||&#8221; global_colors_info=&#8221;{}&#8221; custom_padding__hover=&#8221;|||&#8221;][et_pb_text _builder_version=&#8221;4.18.0&#8243; _module_preset=&#8221;default&#8221; text_font=&#8221;|600|||||||&#8221; text_text_color=&#8221;#FFFFFF&#8221; text_letter_spacing=&#8221;3px&#8221; text_line_height=&#8221;1.8em&#8221; header_3_font=&#8221;|600|||||||&#8221; header_3_text_color=&#8221;#FFFFFF&#8221; header_3_letter_spacing=&#8221;2px&#8221; min_height=&#8221;245.6px&#8221; custom_margin=&#8221;23px||282px|||&#8221; custom_margin_tablet=&#8221;23px||282px|||&#8221; custom_margin_phone=&#8221;||74px||false|false&#8221; custom_margin_last_edited=&#8221;on|phone&#8221; custom_padding=&#8221;|0px|||false|false&#8221; hover_enabled=&#8221;0&#8243; header_3_text_align_tablet=&#8221;&#8221; header_3_text_align_phone=&#8221;center&#8221; header_3_text_align_last_edited=&#8221;on|phone&#8221; header_3_text_shadow_style=&#8221;preset2&#8243; global_colors_info=&#8221;{}&#8221; sticky_enabled=&#8221;0&#8243;]<\/p>\n<h3>Mit navn er Karina Axelsen Bentzen<\/h3>\n<h3>Jeg har v\u00e6ret uddannet og arbejdet som sygeplejerske siden 2001.<\/h3>\n<h3>Mit arbejdsomr\u00e5de har i alle \u00e5rene v\u00e6ret kr\u00e6ftbehandling og pleje af kr\u00e6ftpatienter og deres familier, p\u00e5 sygehuset.<\/h3>\n<h3>Givet kemoterapi, informeret, st\u00f8ttet og vejledt.<\/h3>\n<h3>B\u00e5de ambulant og n\u00e5r patienterne har haft brug for indl\u00e6ggelse p\u00e5 sengeafsnit.<\/h3>\n<h3><span>Jeg har altid haft interesse for zoneterapi.<\/span><\/h3>\n<h3><span>Jeg har oplevet bivirkninger og senf\u00f8lger til kr\u00e6ftpatienternes behandling, som ikke kunne behandles p\u00e5 sygehuset.<\/span><\/h3>\n<h3><span>Men har set hvordan man med zoneterapi, kan hj\u00e6lpe og st\u00f8tte det hele menneske under og efter et sygdomsforl\u00f8b.<\/span><\/h3>\n<h3>Jeg er gift og har 4 voksne drenge.<\/h3>\n<p>[\/et_pb_text][\/et_pb_column][\/et_pb_row][\/et_pb_section][et_pb_section fb_built=&#8221;1&#8243; admin_label=&#8221;FAQ&#8221; module_id=&#8221;faq&#8221; _builder_version=&#8221;4.18.0&#8243; custom_padding=&#8221;54px|0px|54px|0px|false|false&#8221; global_colors_info=&#8221;{}&#8221;][et_pb_row _builder_version=&#8221;4.16&#8243; global_colors_info=&#8221;{}&#8221;][et_pb_column type=&#8221;4_4&#8243; _builder_version=&#8221;4.16&#8243; custom_padding=&#8221;|||&#8221; global_colors_info=&#8221;{}&#8221; custom_padding__hover=&#8221;|||&#8221;][et_pb_text _builder_version=&#8221;4.16&#8243; text_font=&#8221;Open Sans||||||||&#8221; text_line_height=&#8221;2em&#8221; header_font=&#8221;||||||||&#8221; header_2_font=&#8221;Cantata One||||||||&#8221; header_2_font_size=&#8221;40px&#8221; header_2_line_height=&#8221;1.4em&#8221; text_orientation=&#8221;center&#8221; max_width=&#8221;500px&#8221; module_alignment=&#8221;center&#8221; header_2_font_size_tablet=&#8221;35px&#8221; header_2_font_size_phone=&#8221;25px&#8221; header_2_font_size_last_edited=&#8221;on|phone&#8221; global_colors_info=&#8221;{}&#8221;]<\/p>\n<h2>Ofte stillede sp\u00f8rgsm\u00e5l:<\/h2>\n<p>L\u00e6s min FAQ her og bliv lidt klogere p\u00e5 hvad zoneterapi er for en st\u00f8rrelse<\/p>\n<p>[\/et_pb_text][\/et_pb_column][\/et_pb_row][et_pb_row column_structure=&#8221;1_2,1_2&#8243; _builder_version=&#8221;4.16&#8243; border_radii=&#8221;on|10px|10px|10px|10px&#8221; global_colors_info=&#8221;{}&#8221;][et_pb_column type=&#8221;1_2&#8243; _builder_version=&#8221;4.16&#8243; custom_padding=&#8221;|||&#8221; global_colors_info=&#8221;{}&#8221; custom_padding__hover=&#8221;|||&#8221;][et_pb_accordion closed_toggle_text_color=&#8221;#000000&#8243; closed_toggle_background_color=&#8221;#ffffff&#8221; icon_color=&#8221;RGBA(255,255,255,0)&#8221; _builder_version=&#8221;4.18.0&#8243; toggle_level=&#8221;h4&#8243; toggle_font=&#8221;Cantata One||||||||&#8221; toggle_line_height=&#8221;1.6em&#8221; body_font=&#8221;Open Sans||||||||&#8221; body_line_height=&#8221;2em&#8221; hover_enabled=&#8221;0&#8243; toggle_font_size_tablet=&#8221;&#8221; toggle_font_size_phone=&#8221;14px&#8221; toggle_font_size_last_edited=&#8221;on|phone&#8221; global_colors_info=&#8221;{}&#8221; sticky_enabled=&#8221;0&#8243;][et_pb_accordion_item title=&#8221;Hvad er zoneterapi?&#8221; open=&#8221;off&#8221; open_toggle_background_color=&#8221;rgba(255,255,255,0)&#8221; closed_toggle_background_color=&#8221;#ffffff&#8221; icon_color=&#8221;#478678&#8243; _builder_version=&#8221;4.18.0&#8243; hover_enabled=&#8221;0&#8243; border_width_all=&#8221;0px&#8221; global_colors_info=&#8221;{}&#8221; sticky_enabled=&#8221;0&#8243;]<\/p>\n<p>Zoneterapi er en behandlingsform hvor din krop p\u00e5virkes gennem trykp\u00e5virkning af f\u00f8dderne. <span>Under og ovenp\u00e5 f\u00f8dderne<\/span> findes der nemlig et kort over hele kroppen. <span>Ved at massere og trykke<\/span>\u00a0de \u00f8mme reflekszoner p\u00e5 foden, kan man p\u00e5virke organerne og p\u00e5 den m\u00e5de opn\u00e5 en bedre <span>balance i kroppen b\u00e5de fysisk og psykisk<\/span>.<\/p>\n<p><span>Zoneterapi kan ogs\u00e5 gives som ansigtszoneterapi. Ansigtet indeholder p\u00e5 samme m\u00e5de som f\u00f8dderne zoner, der kan stimuleres via blide tryk og str\u00f8g. Og p\u00e5 samme m\u00e5de skabes balance b\u00e5de fysisk og psykisk<\/span><\/p>\n<p>[\/et_pb_accordion_item][et_pb_accordion_item title=&#8221;Hvad koster det?&#8221; open_toggle_background_color=&#8221;rgba(255,255,255,0)&#8221; closed_toggle_background_color=&#8221;#ffffff&#8221; icon_color=&#8221;#478678&#8243; _builder_version=&#8221;4.18.0&#8243; hover_enabled=&#8221;0&#8243; border_width_all=&#8221;0px&#8221; global_colors_info=&#8221;{}&#8221; open=&#8221;on&#8221; sticky_enabled=&#8221;0&#8243;]<\/p>\n<div>Det koster 650 kr. pr. behandling<\/div>\n<div>Det er muligt at k\u00f8be et klippekort til 5 behandlinger, som koster 2800 kr.<\/div>\n<div>Priserne reguleres hvert \u00e5r d. 1. Januar.<\/div>\n<p>[\/et_pb_accordion_item][et_pb_accordion_item title=&#8221;Hvad kan behandles med zoneterapi?&#8221; open_toggle_background_color=&#8221;rgba(255,255,255,0)&#8221; closed_toggle_background_color=&#8221;#ffffff&#8221; icon_color=&#8221;#478678&#8243; _builder_version=&#8221;4.18.0&#8243; border_width_all=&#8221;0px&#8221; global_colors_info=&#8221;{}&#8221; open=&#8221;off&#8221;]<\/p>\n<p>Alle ubalancer i kroppen kan behandles med zoneterapi. Jeg har erfaring med at behandle migr\u00e6ne, smerter i kroppen, bivirkninger og senf\u00f8lger, b\u00e5de fysiske og psykiske, efter og i et kr\u00e6ftforl\u00f8b. Senf\u00f8lger efter covid-19. Angst, allergi, forstoppelse og s\u00f8vnproblemer.<\/p>\n<p>[\/et_pb_accordion_item][et_pb_accordion_item title=&#8221;Hvilke behandlinger kan du f\u00e5 hos mig?&#8221; open_toggle_background_color=&#8221;rgba(255,255,255,0)&#8221; closed_toggle_background_color=&#8221;#ffffff&#8221; icon_color=&#8221;#478678&#8243; _builder_version=&#8221;4.18.0&#8243; hover_enabled=&#8221;0&#8243; border_width_all=&#8221;0px&#8221; global_colors_info=&#8221;{}&#8221; open=&#8221;off&#8221; sticky_enabled=&#8221;0&#8243;]<\/p>\n<p>Jeg behandler med zoneterapi, ansigtszoneterapi, meridianmassage og \u00f8reakupunktur. Jeg sammens\u00e6tter behandlingen alt efter hvilke symptomer du har og hvad du \u00f8nsker hj\u00e6lp til.<\/p>\n<p><span>Jeg sp\u00f8rger ind til din kost, medicin, motion og livsstil, og r\u00e5dgiver dig til eventuelle \u00e6ndringer.<\/span><\/p>\n<p>[\/et_pb_accordion_item][et_pb_accordion_item title=&#8221;Hvorfor zoneterapi til senf\u00f8lger og kr\u00e6ftbehandling?&#8221; open_toggle_background_color=&#8221;rgba(255,255,255,0)&#8221; closed_toggle_background_color=&#8221;#ffffff&#8221; icon_color=&#8221;#478678&#8243; _builder_version=&#8221;4.18.0&#8243; border_width_all=&#8221;0px&#8221; global_colors_info=&#8221;{}&#8221; open=&#8221;off&#8221;]<\/p>\n<p><span>Mange af de senf\u00f8lger, som mange kr\u00e6ftpatienter oplever efter et behandlingsforl\u00f8b kan afhj\u00e6lpes med zoneterapi. det kan bl.a. v\u00e6re tr\u00e6thed, sved\/hedeture, s\u00f8vnbesv\u00e6r, f\u00f8leforstyrrelser, tristhed.<\/span><\/p>\n<p>Flere kr\u00e6ftpatienter bruger zoneterapi til smertelindring og afslapning under kr\u00e6ftbehandlingen. <span>Mange oplever at zoneterapi lindrer de bivirkninger, der kan komme i forbindelse med behandling af kr\u00e6ft.<\/span><br \/><span>B\u00e5de fysiske og psykiske reaktioner kan ligeledes lindres med zoneterapi.<\/span><span><\/span><\/p>\n<p>[\/et_pb_accordion_item][et_pb_accordion_item title=&#8221;Efter behandling?&#8221; open_toggle_background_color=&#8221;rgba(255,255,255,0)&#8221; closed_toggle_background_color=&#8221;#ffffff&#8221; icon_color=&#8221;#478678&#8243; _builder_version=&#8221;4.18.0&#8243; border_width_all=&#8221;0px&#8221; global_colors_info=&#8221;{}&#8221; open=&#8221;off&#8221;]<\/p>\n<p>Efter hver behandling opfodrer jeg til at drikke en masse v\u00e6ske og f\u00e5 en masse hvile.<\/p>\n<p>[\/et_pb_accordion_item][\/et_pb_accordion][\/et_pb_column][et_pb_column type=&#8221;1_2&#8243; _builder_version=&#8221;4.16&#8243; custom_padding=&#8221;|||&#8221; global_colors_info=&#8221;{}&#8221; custom_padding__hover=&#8221;|||&#8221;][et_pb_accordion closed_toggle_text_color=&#8221;#000000&#8243; closed_toggle_background_color=&#8221;#ffffff&#8221; _builder_version=&#8221;4.18.0&#8243; toggle_level=&#8221;h4&#8243; toggle_font=&#8221;Cantata One||||||||&#8221; toggle_line_height=&#8221;1.6em&#8221; body_font=&#8221;Open Sans||||||||&#8221; body_line_height=&#8221;2em&#8221; hover_enabled=&#8221;0&#8243; toggle_font_size_tablet=&#8221;&#8221; toggle_font_size_phone=&#8221;14px&#8221; toggle_font_size_last_edited=&#8221;on|phone&#8221; border_radii=&#8221;on|10px|10px|10px|10px&#8221; global_colors_info=&#8221;{}&#8221; sticky_enabled=&#8221;0&#8243;][et_pb_accordion_item title=&#8221;Hvor foreg\u00e5r behandlingen?&#8221; open=&#8221;on&#8221; open_toggle_background_color=&#8221;rgba(255,255,255,0)&#8221; closed_toggle_background_color=&#8221;#ffffff&#8221; icon_color=&#8221;#478678&#8243; _builder_version=&#8221;4.18.0&#8243; hover_enabled=&#8221;0&#8243; border_width_all=&#8221;0px&#8221; global_colors_info=&#8221;{}&#8221; sticky_enabled=&#8221;0&#8243;]<\/p>\n<p>Behandlingen foreg\u00e5r i et lokale i mit og min families private hjem.<\/p>\n<p>Der kan parkeres lige udenfor huset.\u00a0Der er to trin op til indgangen.<\/p>\n<p>Bus nr. 16 og letbanen holder t\u00e6t ved.<\/p>\n<p>[\/et_pb_accordion_item][et_pb_accordion_item title=&#8221;Hvor lang tid varer en behandling?&#8221; open_toggle_background_color=&#8221;rgba(255,255,255,0)&#8221; closed_toggle_background_color=&#8221;#ffffff&#8221; icon_color=&#8221;#478678&#8243; _builder_version=&#8221;4.18.0&#8243; border_width_all=&#8221;0px&#8221; global_colors_info=&#8221;{}&#8221; open=&#8221;off&#8221;]<\/p>\n<p><span>Behandlingen varer 1 time.<\/span><\/p>\n<p>[\/et_pb_accordion_item][et_pb_accordion_item title=&#8221;Er der efterreaktioner til zoneterapi?&#8221; open_toggle_background_color=&#8221;rgba(255,255,255,0)&#8221; closed_toggle_background_color=&#8221;#ffffff&#8221; icon_color=&#8221;#478678&#8243; _builder_version=&#8221;4.18.0&#8243; border_width_all=&#8221;0px&#8221; global_colors_info=&#8221;{}&#8221; open=&#8221;off&#8221;]<\/p>\n<p>Mange oplever en forv\u00e6rring af deres symptomer efter f\u00f8rste behandling, et tegn p\u00e5 at der er arbejde i gang i kroppen.<br \/>Derefter opleves lindring.<br \/>Langt de fleste har brug for 3-5 behandlinger, f\u00f8r de oplever en mere varig effekt af zoneterapi.<br \/>Du kan opleve at din urin bliver mere m\u00f8rk efter behandling, at du er tr\u00e6t og har brug for hvile. Har hyppigere aff\u00f8ring. At gamle symptomer blusser op igen i en kort periode.<br \/>Det er helt normalt, din krop arbejder og renser ud.<\/p>\n<p>[\/et_pb_accordion_item][et_pb_accordion_item title=&#8221;Hvorn\u00e5r kan du ikke f\u00e5 zoneterapi og skal melde afbud?&#8221; open_toggle_background_color=&#8221;rgba(255,255,255,0)&#8221; closed_toggle_background_color=&#8221;#ffffff&#8221; icon_color=&#8221;#478678&#8243; _builder_version=&#8221;4.18.0&#8243; border_width_all=&#8221;0px&#8221; global_colors_info=&#8221;{}&#8221; open=&#8221;off&#8221;]<\/p>\n<p>Hvis du har en infektion og har feber<br \/>Er syg med noget der smitter<br \/>Er du i tvivl om du kan behandles eller ej, s\u00e5 ring til mig<\/p>\n<p>[\/et_pb_accordion_item][et_pb_accordion_item title=&#8221;Skal jeg medbringe noget?&#8221; open_toggle_background_color=&#8221;rgba(255,255,255,0)&#8221; closed_toggle_background_color=&#8221;#ffffff&#8221; icon_color=&#8221;#478678&#8243; _builder_version=&#8221;4.18.0&#8243; border_width_all=&#8221;0px&#8221; global_colors_info=&#8221;{}&#8221; open=&#8221;off&#8221;]<\/p>\n<p>Nej, jeg s\u00f8rger for lagner, h\u00e5ndkl\u00e6der eller t\u00e6pper.<\/p>\n<p>[\/et_pb_accordion_item][et_pb_accordion_item title=&#8221;Kan jeg f\u00e5 tilskud fra Danmark?&#8221; open_toggle_background_color=&#8221;rgba(255,255,255,0)&#8221; closed_toggle_background_color=&#8221;#ffffff&#8221; icon_color=&#8221;#478678&#8243; _builder_version=&#8221;4.18.0&#8243; hover_enabled=&#8221;0&#8243; border_width_all=&#8221;0px&#8221; global_colors_info=&#8221;{}&#8221; open=&#8221;off&#8221; sticky_enabled=&#8221;0&#8243;]<\/p>\n<p>Ja du kan f\u00e5 tilskud fra Sygeforsikring Danmark<\/p>\n<p>[\/et_pb_accordion_item][et_pb_accordion_item title=&#8221;Kan jeg f\u00e5 tilskud min sundhedsforsikring?&#8221; open_toggle_background_color=&#8221;rgba(255,255,255,0)&#8221; closed_toggle_background_color=&#8221;#ffffff&#8221; icon_color=&#8221;#478678&#8243; _builder_version=&#8221;4.18.0&#8243; border_width_all=&#8221;0px&#8221; global_colors_info=&#8221;{}&#8221; open=&#8221;off&#8221;]<\/p>\n<p><span>Ja, jeg kan ogs\u00e5 tage imod og behandle via din sundhedsforsikring.<\/span><\/p>\n<p>[\/et_pb_accordion_item][\/et_pb_accordion][\/et_pb_column][\/et_pb_row][\/et_pb_section][et_pb_section fb_built=&#8221;1&#8243; admin_label=&#8221;Footer&#8221; _builder_version=&#8221;4.18.0&#8243; background_color=&#8221;#478678&#8243; background_enable_image=&#8221;off&#8221; parallax=&#8221;on&#8221; max_width=&#8221;90%&#8221; module_alignment=&#8221;center&#8221; custom_padding=&#8221;80px|0px|23vw|0px|false|false&#8221; animation_style=&#8221;roll&#8221; animation_direction=&#8221;top&#8221; animation_intensity_roll=&#8221;2%&#8221; border_radii=&#8221;|||50vw|50vw&#8221; global_colors_info=&#8221;{}&#8221;][et_pb_row column_structure=&#8221;1_2,1_2&#8243; _builder_version=&#8221;4.16&#8243; locked=&#8221;off&#8221; global_colors_info=&#8221;{}&#8221;][et_pb_column type=&#8221;1_2&#8243; _builder_version=&#8221;4.16&#8243; custom_padding=&#8221;|||&#8221; global_colors_info=&#8221;{}&#8221; custom_padding__hover=&#8221;|||&#8221;][et_pb_image src=&#8221;https:\/\/senfoelgeklinik.dk\/wp-content\/uploads\/2022\/09\/Karina_logo_sort_bomaerke.png&#8221; title_text=&#8221;Karina_logo_sort_bomaerke&#8221; align_tablet=&#8221;center&#8221; align_phone=&#8221;center&#8221; align_last_edited=&#8221;on|desktop&#8221; _builder_version=&#8221;4.18.0&#8243; animation_direction=&#8221;top&#8221; global_colors_info=&#8221;{}&#8221;][\/et_pb_image][\/et_pb_column][et_pb_column type=&#8221;1_2&#8243; _builder_version=&#8221;4.16&#8243; custom_padding=&#8221;|||&#8221; global_colors_info=&#8221;{}&#8221; custom_padding__hover=&#8221;|||&#8221;][et_pb_text _builder_version=&#8221;4.16&#8243; text_font=&#8221;||||||||&#8221; header_2_font=&#8221;Cantata One||||||||&#8221; header_2_font_size=&#8221;50px&#8221; header_2_line_height=&#8221;1.4em&#8221; background_layout=&#8221;dark&#8221; animation_style=&#8221;slide&#8221; animation_direction=&#8221;bottom&#8221; header_2_font_size_tablet=&#8221;35px&#8221; header_2_font_size_phone=&#8221;25px&#8221; header_2_font_size_last_edited=&#8221;on|desktop&#8221; locked=&#8221;off&#8221; global_colors_info=&#8221;{}&#8221;]<\/p>\n<h2>Book en tid<\/h2>\n<p>[\/et_pb_text][et_pb_button button_url=&#8221;https:\/\/system.easypractice.net\/book\/karinas-senflge-og-migraeneklinik\/center&#8221; button_text=&#8221;Book her&#8221; button_alignment=&#8221;left&#8221; _builder_version=&#8221;4.18.0&#8243; custom_button=&#8221;on&#8221; button_text_size=&#8221;24px&#8221; button_text_color=&#8221;#000000&#8243; button_bg_color=&#8221;#e2eedb&#8221; button_border_width=&#8221;7px&#8221; button_border_color=&#8221;rgba(0,0,0,0)&#8221; button_border_radius=&#8221;100px&#8221; button_font=&#8221;Open Sans|700|||||||&#8221; animation_style=&#8221;slide&#8221; animation_direction=&#8221;bottom&#8221; button_text_color_hover=&#8221;#ffffff&#8221; button_border_color_hover=&#8221;rgba(0,0,0,0)&#8221; button_border_radius_hover=&#8221;100px&#8221; button_bg_color_hover=&#8221;#0059c3&#8243; locked=&#8221;off&#8221; global_colors_info=&#8221;{}&#8221; button_text_size__hover_enabled=&#8221;off&#8221; button_one_text_size__hover_enabled=&#8221;off&#8221; button_two_text_size__hover_enabled=&#8221;off&#8221; button_text_color__hover_enabled=&#8221;on&#8221; button_text_color__hover=&#8221;#ffffff&#8221; button_one_text_color__hover_enabled=&#8221;off&#8221; button_two_text_color__hover_enabled=&#8221;off&#8221; button_border_width__hover_enabled=&#8221;off&#8221; button_one_border_width__hover_enabled=&#8221;off&#8221; button_two_border_width__hover_enabled=&#8221;off&#8221; button_border_color__hover_enabled=&#8221;on&#8221; button_border_color__hover=&#8221;rgba(0,0,0,0)&#8221; button_one_border_color__hover_enabled=&#8221;off&#8221; button_two_border_color__hover_enabled=&#8221;off&#8221; button_border_radius__hover_enabled=&#8221;on&#8221; button_border_radius__hover=&#8221;100px&#8221; button_one_border_radius__hover_enabled=&#8221;off&#8221; button_two_border_radius__hover_enabled=&#8221;off&#8221; button_letter_spacing__hover_enabled=&#8221;off&#8221; button_one_letter_spacing__hover_enabled=&#8221;off&#8221; button_two_letter_spacing__hover_enabled=&#8221;off&#8221; button_bg_color__hover_enabled=&#8221;on|hover&#8221; button_bg_color__hover=&#8221;#e2eedb&#8221; button_one_bg_color__hover_enabled=&#8221;off&#8221; button_two_bg_color__hover_enabled=&#8221;off&#8221; button_bg_enable_color__hover=&#8221;on&#8221;][\/et_pb_button][\/et_pb_column][\/et_pb_row][\/et_pb_section][et_pb_section fb_built=&#8221;1&#8243; admin_label=&#8221;Contact Info&#8221; _builder_version=&#8221;4.16&#8243; global_colors_info=&#8221;{}&#8221;][et_pb_row column_structure=&#8221;1_3,1_3,1_3&#8243; _builder_version=&#8221;4.16&#8243; locked=&#8221;off&#8221; global_colors_info=&#8221;{}&#8221;][et_pb_column type=&#8221;1_3&#8243; _builder_version=&#8221;4.16&#8243; custom_padding=&#8221;|||&#8221; global_colors_info=&#8221;{}&#8221; custom_padding__hover=&#8221;|||&#8221;][et_pb_blurb title=&#8221;Ring til: 2828 4238&#8243; url=&#8221;tel:28284238&#8243; image=&#8221;https:\/\/senfoelgeklinik.dk\/wp-content\/uploads\/2022\/09\/icons8-phone-90.png&#8221; icon_placement=&#8221;left&#8221; _builder_version=&#8221;4.18.0&#8243; header_font=&#8221;Cantata One||||||||&#8221; header_line_height=&#8221;1.6em&#8221; body_font=&#8221;||||||||&#8221; body_line_height=&#8221;2em&#8221; animation=&#8221;off&#8221; global_colors_info=&#8221;{}&#8221;]<\/p>\n<p>Tandervej 15, 8230 M\u00e5rslet<\/p>\n<p>[\/et_pb_blurb][\/et_pb_column][et_pb_column type=&#8221;1_3&#8243; _builder_version=&#8221;4.16&#8243; custom_padding=&#8221;|||&#8221; global_colors_info=&#8221;{}&#8221; custom_padding__hover=&#8221;|||&#8221;][et_pb_blurb title=&#8221;\u00c5bningstider&#8221; image=&#8221;https:\/\/senfoelgeklinik.dk\/wp-content\/uploads\/2022\/09\/icons8-clock-90.png&#8221; icon_placement=&#8221;left&#8221; _builder_version=&#8221;4.18.0&#8243; header_font=&#8221;Cantata One||||||||&#8221; header_line_height=&#8221;1.6em&#8221; body_font=&#8221;||||||||&#8221; body_line_height=&#8221;2em&#8221; animation=&#8221;off&#8221; global_colors_info=&#8221;{}&#8221;]<\/p>\n<p>\u00c5bningstider varierer, se bookingkalender for ledige tider<\/p>\n<p>[\/et_pb_blurb][\/et_pb_column][et_pb_column type=&#8221;1_3&#8243; _builder_version=&#8221;4.16&#8243; custom_padding=&#8221;|||&#8221; global_colors_info=&#8221;{}&#8221; custom_padding__hover=&#8221;|||&#8221;][et_pb_blurb title=&#8221;Ring for udybning&#8221; image=&#8221;https:\/\/senfoelgeklinik.dk\/wp-content\/uploads\/2022\/09\/icons8-calendar-100.png&#8221; icon_placement=&#8221;left&#8221; _builder_version=&#8221;4.18.0&#8243; header_font=&#8221;Cantata One||||||||&#8221; header_line_height=&#8221;1.6em&#8221; body_font=&#8221;||||||||&#8221; body_line_height=&#8221;2em&#8221; animation=&#8221;off&#8221; global_colors_info=&#8221;{}&#8221;]<\/p>\n<p>F\u00e5 svar p\u00e5 dine sp\u00f8rgsm\u00e5l inden din behandling<\/p>\n<p>[\/et_pb_blurb][\/et_pb_column][\/et_pb_row][\/et_pb_section]<\/p>\n","protected":false},"excerpt":{"rendered":"<p>Karinas Senf\u00f8lge &amp; Migr\u00e6ne Klinik Hos mig er det dig, din krop og dit sind der er i fokus2828 4238Tandervej 15, 8320 M\u00e5rsletKontakt@senfoelgeklinik.dkVelkommen til Karinas klinik Velkommen til Karinas senf\u00f8lge og migr\u00e6ne klinik. Hos mig er det dig, din krop og dit sind der er i fokus. I klinikken behandler jeg med zoneterapi, meridianmassage, ansigtszoneterapi [&hellip;]<\/p>\n","protected":false},"author":1,"featured_media":0,"parent":0,"menu_order":0,"comment_status":"closed","ping_status":"closed","template":"","meta":{"_et_pb_use_builder":"on","_et_pb_old_content":"","_et_gb_content_width":"","inline_featured_image":false,"footnotes":""},"class_list":["post-9","page","type-page","status-publish","hentry"],"_links":{"self":[{"href":"https:\/\/senfoelgeklinik.dk\/index.php?rest_route=\/wp\/v2\/pages\/9","targetHints":{"allow":["GET"]}}],"collection":[{"href":"https:\/\/senfoelgeklinik.dk\/index.php?rest_route=\/wp\/v2\/pages"}],"about":[{"href":"https:\/\/senfoelgeklinik.dk\/index.php?rest_route=\/wp\/v2\/types\/page"}],"author":[{"embeddable":true,"href":"https:\/\/senfoelgeklinik.dk\/index.php?rest_route=\/wp\/v2\/users\/1"}],"replies":[{"embeddable":true,"href":"https:\/\/senfoelgeklinik.dk\/index.php?rest_route=%2Fwp%2Fv2%2Fcomments&post=9"}],"version-history":[{"count":50,"href":"https:\/\/senfoelgeklinik.dk\/index.php?rest_route=\/wp\/v2\/pages\/9\/revisions"}],"predecessor-version":[{"id":194,"href":"https:\/\/senfoelgeklinik.dk\/index.php?rest_route=\/wp\/v2\/pages\/9\/revisions\/194"}],"wp:attachment":[{"href":"https:\/\/senfoelgeklinik.dk\/index.php?rest_route=%2Fwp%2Fv2%2Fmedia&parent=9"}],"curies":[{"name":"wp","href":"https:\/\/api.w.org\/{rel}","templated":true}]}}